{"id":6360,"date":"2025-06-23T05:40:00","date_gmt":"2025-06-23T05:40:00","guid":{"rendered":"https:\/\/siciudadania.co\/?page_id=6360"},"modified":"2025-08-14T22:51:57","modified_gmt":"2025-08-14T22:51:57","slug":"planes-innovadores-de-transformacion-2024-2","status":"publish","type":"page","link":"https:\/\/siciudadania.co\/planes-innovadores-de-transformacion-2024-2\/","title":{"rendered":"Planes Innovadores de Transformaci\u00f3n 2025"},"content":{"rendered":"\t\t<div data-elementor-type=\"wp-page\" data-elementor-id=\"6360\" class=\"elementor elementor-6360\">\n\t\t\t\t\t\t\t\t\t<section class=\"elementor-section elementor-top-section elementor-element elementor-element-79a5a0c elementor-section-boxed elementor-section-height-default elementor-section-height-default\" data-id=\"79a5a0c\" data-element_type=\"section\">\n\t\t\t\t\t\t<div class=\"elementor-container elementor-column-gap-default\">\n\t\t\t\t\t<div class=\"elementor-column elementor-col-100 elementor-top-column elementor-element elementor-element-0e46a82\" data-id=\"0e46a82\" data-element_type=\"column\">\n\t\t\t<div class=\"elementor-widget-wrap elementor-element-populated\">\n\t\t\t\t\t\t\t\t<div class=\"elementor-element elementor-element-e1a4bc2 elementor-widget elementor-widget-shortcode\" data-id=\"e1a4bc2\" data-element_type=\"widget\" data-widget_type=\"shortcode.default\">\n\t\t\t\t<div class=\"elementor-widget-container\">\n\t\t\t\t\t<div class=\"elementor-shortcode\"><div class=\"pt-cv-wrapper\"><div class=\"pt-cv-view pt-cv-blockgrid iscvblock iscvhybrid grid1 layout1\" id=\"pt-cv-view-7880b95ym1\"><div data-id=\"pt-cv-page-1\" class=\"pt-cv-page\" data-cvc=\"3\"><div class=\" pt-cv-content-item pt-cv-1-col\" ><div class=\"pt-cv-thumb-wrapper  \"><a href=\"https:\/\/siciudadania.co\/2025\/12\/28\/corporacion-somos-sentir-humano\/\" class=\"_self pt-cv-href-thumbnail pt-cv-thumb-default\" target=\"_self\" ><img fetchpriority=\"high\" decoding=\"async\" width=\"300\" height=\"167\" src=\"https:\/\/siciudadania.co\/wp-content\/uploads\/2025\/12\/Corporacion-Somos-Sentir-Humano-300x167.png\" class=\"pt-cv-thumbnail\" alt=\"Corporaci\u00f3n Somos Sentir Humano\" srcset=\"https:\/\/siciudadania.co\/wp-content\/uploads\/2025\/12\/Corporacion-Somos-Sentir-Humano-300x167.png 300w, https:\/\/siciudadania.co\/wp-content\/uploads\/2025\/12\/Corporacion-Somos-Sentir-Humano-1024x571.png 1024w, https:\/\/siciudadania.co\/wp-content\/uploads\/2025\/12\/Corporacion-Somos-Sentir-Humano-768x428.png 768w, https:\/\/siciudadania.co\/wp-content\/uploads\/2025\/12\/Corporacion-Somos-Sentir-Humano.png 1276w\" sizes=\"(max-width: 300px) 100vw, 300px\" \/><\/a><\/div>\n<div class=\"pt-cv-taxoterm above_title\"><a href='https:\/\/siciudadania.co\/category\/indice-ipcm\/laboratorios\/planes-innovadores-2025\/' title='Planes innovadores 2025' class='pt-cv-tax-planes-innovadores-2025'>Planes innovadores 2025<\/a><\/div>\n<h4 class=\"pt-cv-title\"><a href=\"https:\/\/siciudadania.co\/2025\/12\/28\/corporacion-somos-sentir-humano\/\" class=\"_self\" target=\"_self\" >Corporaci\u00f3n\u00a0Somos\u00a0Sentir Humano<\/a><\/h4>\n<div class=\"pt-cv-content\">La Corporaci\u00f3n Sentir Humano es una organizaci\u00f3n social que trabaja por la garant\u00eda de derechos y el bienestar de poblaciones ...<br \/><div class=\"pt-cv-rmwrap\"><a href=\"https:\/\/siciudadania.co\/2025\/12\/28\/corporacion-somos-sentir-humano\/\" class=\"_self pt-cv-readmore btn btn-success\" target=\"_self\">Leer M\u00e1s<\/a><\/div><\/div><\/div>\n<div class=\" pt-cv-content-item pt-cv-1-col\" ><div class=\"pt-cv-thumb-wrapper  \"><a href=\"https:\/\/siciudadania.co\/2025\/12\/28\/corporacion-laboratorio-social-reto-9\/\" class=\"_self pt-cv-href-thumbnail pt-cv-thumb-default\" target=\"_self\" ><img decoding=\"async\" width=\"300\" height=\"167\" src=\"https:\/\/siciudadania.co\/wp-content\/uploads\/2025\/12\/Reto9-300x167.png\" class=\"pt-cv-thumbnail\" alt=\"Corporaci\u00f3n Laboratorio Social Reto 9\" srcset=\"https:\/\/siciudadania.co\/wp-content\/uploads\/2025\/12\/Reto9-300x167.png 300w, https:\/\/siciudadania.co\/wp-content\/uploads\/2025\/12\/Reto9-1024x569.png 1024w, https:\/\/siciudadania.co\/wp-content\/uploads\/2025\/12\/Reto9-768x426.png 768w, https:\/\/siciudadania.co\/wp-content\/uploads\/2025\/12\/Reto9.png 1275w\" sizes=\"(max-width: 300px) 100vw, 300px\" \/><\/a><\/div>\n<div class=\"pt-cv-taxoterm above_title\"><a href='https:\/\/siciudadania.co\/category\/indice-ipcm\/laboratorios\/planes-innovadores-2025\/' title='Planes innovadores 2025' class='pt-cv-tax-planes-innovadores-2025'>Planes innovadores 2025<\/a><\/div>\n<h4 class=\"pt-cv-title\"><a href=\"https:\/\/siciudadania.co\/2025\/12\/28\/corporacion-laboratorio-social-reto-9\/\" class=\"_self\" target=\"_self\" >Corporaci\u00f3n Laboratorio Social Reto 9<\/a><\/h4>\n<div class=\"pt-cv-content\">La Corporaci\u00f3n Laboratorio Social Reto 9 es una organizaci\u00f3n juvenil creada en 2015, enfocada en fortalecer la participaci\u00f3n juvenil, la ...<br \/><div class=\"pt-cv-rmwrap\"><a href=\"https:\/\/siciudadania.co\/2025\/12\/28\/corporacion-laboratorio-social-reto-9\/\" class=\"_self pt-cv-readmore btn btn-success\" target=\"_self\">Leer M\u00e1s<\/a><\/div><\/div><\/div>\n<div class=\" pt-cv-content-item pt-cv-1-col\" ><div class=\"pt-cv-thumb-wrapper  \"><a href=\"https:\/\/siciudadania.co\/2025\/10\/20\/mesa-de-cuidadores-de-la-comuna-8-villa-hermosa\/\" class=\"_self pt-cv-href-thumbnail pt-cv-thumb-default\" target=\"_self\" ><img decoding=\"async\" width=\"300\" height=\"170\" src=\"https:\/\/siciudadania.co\/wp-content\/uploads\/2025\/10\/MesaCuidadorasC8-300x170.png\" class=\"pt-cv-thumbnail\" alt=\"MesaCuidadorasC8\" srcset=\"https:\/\/siciudadania.co\/wp-content\/uploads\/2025\/10\/MesaCuidadorasC8-300x170.png 300w, https:\/\/siciudadania.co\/wp-content\/uploads\/2025\/10\/MesaCuidadorasC8-1024x579.png 1024w, https:\/\/siciudadania.co\/wp-content\/uploads\/2025\/10\/MesaCuidadorasC8-768x434.png 768w, https:\/\/siciudadania.co\/wp-content\/uploads\/2025\/10\/MesaCuidadorasC8-1536x868.png 1536w, https:\/\/siciudadania.co\/wp-content\/uploads\/2025\/10\/MesaCuidadorasC8.png 1903w\" sizes=\"(max-width: 300px) 100vw, 300px\" \/><\/a><\/div>\n<div class=\"pt-cv-taxoterm above_title\"><a href='https:\/\/siciudadania.co\/category\/indice-ipcm\/laboratorios\/planes-innovadores-2025\/' title='Planes innovadores 2025' class='pt-cv-tax-planes-innovadores-2025'>Planes innovadores 2025<\/a><\/div>\n<h4 class=\"pt-cv-title\"><a href=\"https:\/\/siciudadania.co\/2025\/10\/20\/mesa-de-cuidadores-de-la-comuna-8-villa-hermosa\/\" class=\"_self\" target=\"_self\" >Mesa de Cuidadores de la Comuna 8 \u2013 Villa Hermosa<\/a><\/h4>\n<div class=\"pt-cv-content\">La Mesa de Cuidadores es un espacio que naci\u00f3 el 10 de mayo de 2019 en la Comuna 8 Villa ...<br \/><div class=\"pt-cv-rmwrap\"><a href=\"https:\/\/siciudadania.co\/2025\/10\/20\/mesa-de-cuidadores-de-la-comuna-8-villa-hermosa\/\" class=\"_self pt-cv-readmore btn btn-success\" target=\"_self\">Leer M\u00e1s<\/a><\/div><\/div><\/div>\n<div class=\" pt-cv-content-item pt-cv-1-col\" ><div class=\"pt-cv-thumb-wrapper  \"><a href=\"https:\/\/siciudadania.co\/2025\/08\/11\/comite-de-victimas-de-la-comuna-13-san-javier\/\" class=\"_self pt-cv-href-thumbnail pt-cv-thumb-default\" target=\"_self\" ><img loading=\"lazy\" decoding=\"async\" width=\"300\" height=\"174\" src=\"https:\/\/siciudadania.co\/wp-content\/uploads\/2025\/08\/Comite-de-Victimas-de-la-Comuna-13-\u2013-San-Javier-300x174.png\" class=\"pt-cv-thumbnail\" alt=\"Comite-de-Victimas-de-la-Comuna-13-\u2013-San-Javier.\" srcset=\"https:\/\/siciudadania.co\/wp-content\/uploads\/2025\/08\/Comite-de-Victimas-de-la-Comuna-13-\u2013-San-Javier-300x174.png 300w, https:\/\/siciudadania.co\/wp-content\/uploads\/2025\/08\/Comite-de-Victimas-de-la-Comuna-13-\u2013-San-Javier-1024x595.png 1024w, https:\/\/siciudadania.co\/wp-content\/uploads\/2025\/08\/Comite-de-Victimas-de-la-Comuna-13-\u2013-San-Javier-768x446.png 768w, https:\/\/siciudadania.co\/wp-content\/uploads\/2025\/08\/Comite-de-Victimas-de-la-Comuna-13-\u2013-San-Javier-330x190.png 330w, https:\/\/siciudadania.co\/wp-content\/uploads\/2025\/08\/Comite-de-Victimas-de-la-Comuna-13-\u2013-San-Javier.png 1225w\" sizes=\"(max-width: 300px) 100vw, 300px\" \/><\/a><\/div>\n<div class=\"pt-cv-taxoterm above_title\"><a href='https:\/\/siciudadania.co\/category\/indice-ipcm\/laboratorios\/planes-innovadores-2025\/' title='Planes innovadores 2025' class='pt-cv-tax-planes-innovadores-2025'>Planes innovadores 2025<\/a><\/div>\n<h4 class=\"pt-cv-title\"><a href=\"https:\/\/siciudadania.co\/2025\/08\/11\/comite-de-victimas-de-la-comuna-13-san-javier\/\" class=\"_self\" target=\"_self\" >Comit\u00e9 de V\u00edctimas de la Comuna 13 \u2013 San Javier<\/a><\/h4>\n<div class=\"pt-cv-content\">El Comit\u00e9 de V\u00edctimas de la Comuna 13 \u2013 San Javier, conformado por personas que han vivido de cerca las ...<br \/><div class=\"pt-cv-rmwrap\"><a href=\"https:\/\/siciudadania.co\/2025\/08\/11\/comite-de-victimas-de-la-comuna-13-san-javier\/\" class=\"_self pt-cv-readmore btn btn-success\" target=\"_self\">Leer M\u00e1s<\/a><\/div><\/div><\/div>\n<div class=\" pt-cv-content-item pt-cv-1-col\" ><div class=\"pt-cv-thumb-wrapper  \"><a href=\"https:\/\/siciudadania.co\/2025\/08\/11\/grupo-mujeres-autonomas\/\" class=\"_self pt-cv-href-thumbnail pt-cv-thumb-default\" target=\"_self\" ><img loading=\"lazy\" decoding=\"async\" width=\"300\" height=\"158\" src=\"https:\/\/siciudadania.co\/wp-content\/uploads\/2025\/08\/Mujeres-Autonomas-300x158.png\" class=\"pt-cv-thumbnail\" alt=\"Mujeres Aut\u00f3nomas\" srcset=\"https:\/\/siciudadania.co\/wp-content\/uploads\/2025\/08\/Mujeres-Autonomas-300x158.png 300w, https:\/\/siciudadania.co\/wp-content\/uploads\/2025\/08\/Mujeres-Autonomas-1024x539.png 1024w, https:\/\/siciudadania.co\/wp-content\/uploads\/2025\/08\/Mujeres-Autonomas-768x404.png 768w, https:\/\/siciudadania.co\/wp-content\/uploads\/2025\/08\/Mujeres-Autonomas.png 1234w\" sizes=\"(max-width: 300px) 100vw, 300px\" \/><\/a><\/div>\n<div class=\"pt-cv-taxoterm above_title\"><a href='https:\/\/siciudadania.co\/category\/indice-ipcm\/laboratorios\/planes-innovadores-2025\/' title='Planes innovadores 2025' class='pt-cv-tax-planes-innovadores-2025'>Planes innovadores 2025<\/a><\/div>\n<h4 class=\"pt-cv-title\"><a href=\"https:\/\/siciudadania.co\/2025\/08\/11\/grupo-mujeres-autonomas\/\" class=\"_self\" target=\"_self\" >Grupo Mujeres Aut\u00f3nomas<\/a><\/h4>\n<div class=\"pt-cv-content\">En la Comuna 8 de Medell\u00edn, un grupo de mujeres decididas y so\u00f1adoras se uni\u00f3 para escribir una nueva historia ...<br \/><div class=\"pt-cv-rmwrap\"><a href=\"https:\/\/siciudadania.co\/2025\/08\/11\/grupo-mujeres-autonomas\/\" class=\"_self pt-cv-readmore btn btn-success\" target=\"_self\">Leer M\u00e1s<\/a><\/div><\/div><\/div>\n<div class=\" pt-cv-content-item pt-cv-1-col\" ><div class=\"pt-cv-thumb-wrapper  \"><a href=\"https:\/\/siciudadania.co\/2025\/06\/23\/manos-creadoras-comuna-13-san-javier\/\" class=\"_self pt-cv-href-thumbnail pt-cv-thumb-default\" target=\"_self\" ><img loading=\"lazy\" decoding=\"async\" width=\"300\" height=\"166\" src=\"https:\/\/siciudadania.co\/wp-content\/uploads\/2025\/06\/Manos-Creadoras-300x166.png\" class=\"pt-cv-thumbnail\" alt=\"Manos Creadoras\" srcset=\"https:\/\/siciudadania.co\/wp-content\/uploads\/2025\/06\/Manos-Creadoras-300x166.png 300w, https:\/\/siciudadania.co\/wp-content\/uploads\/2025\/06\/Manos-Creadoras-1024x566.png 1024w, https:\/\/siciudadania.co\/wp-content\/uploads\/2025\/06\/Manos-Creadoras-768x425.png 768w, https:\/\/siciudadania.co\/wp-content\/uploads\/2025\/06\/Manos-Creadoras.png 1119w\" sizes=\"(max-width: 300px) 100vw, 300px\" \/><\/a><\/div>\n<div class=\"pt-cv-taxoterm above_title\"><a href='https:\/\/siciudadania.co\/category\/indice-ipcm\/laboratorios\/planes-innovadores-2025\/' title='Planes innovadores 2025' class='pt-cv-tax-planes-innovadores-2025'>Planes innovadores 2025<\/a><\/div>\n<h4 class=\"pt-cv-title\"><a href=\"https:\/\/siciudadania.co\/2025\/06\/23\/manos-creadoras-comuna-13-san-javier\/\" class=\"_self\" target=\"_self\" >Manos Creadoras: Comuna 13-San Javier<\/a><\/h4>\n<div class=\"pt-cv-content\">La organizaci\u00f3n social Manos Creadoras; trabajo y construy\u00f3 por medio de los laboratorios ciudadanos un plan de acci\u00f3n de co ...<br \/><div class=\"pt-cv-rmwrap\"><a href=\"https:\/\/siciudadania.co\/2025\/06\/23\/manos-creadoras-comuna-13-san-javier\/\" class=\"_self pt-cv-readmore btn btn-success\" target=\"_self\">Leer M\u00e1s<\/a><\/div><\/div><\/div>\n<div class=\" pt-cv-content-item pt-cv-1-col\" ><div class=\"pt-cv-thumb-wrapper  \"><a href=\"https:\/\/siciudadania.co\/2025\/06\/23\/colectivo-de-mujeres-trans-mujeres-con-poder-comuna-10-candelaria\/\" class=\"_self pt-cv-href-thumbnail pt-cv-thumb-default\" target=\"_self\" ><img loading=\"lazy\" decoding=\"async\" width=\"300\" height=\"168\" src=\"https:\/\/siciudadania.co\/wp-content\/uploads\/2025\/06\/Colectivo-de-mujeres-trans-300x168.png\" class=\"pt-cv-thumbnail\" alt=\"Colectivo de mujeres trans\" srcset=\"https:\/\/siciudadania.co\/wp-content\/uploads\/2025\/06\/Colectivo-de-mujeres-trans-300x168.png 300w, https:\/\/siciudadania.co\/wp-content\/uploads\/2025\/06\/Colectivo-de-mujeres-trans-1024x575.png 1024w, https:\/\/siciudadania.co\/wp-content\/uploads\/2025\/06\/Colectivo-de-mujeres-trans-768x431.png 768w, https:\/\/siciudadania.co\/wp-content\/uploads\/2025\/06\/Colectivo-de-mujeres-trans.png 1117w\" sizes=\"(max-width: 300px) 100vw, 300px\" \/><\/a><\/div>\n<div class=\"pt-cv-taxoterm above_title\"><a href='https:\/\/siciudadania.co\/category\/indice-ipcm\/laboratorios\/planes-innovadores-2025\/' title='Planes innovadores 2025' class='pt-cv-tax-planes-innovadores-2025'>Planes innovadores 2025<\/a><\/div>\n<h4 class=\"pt-cv-title\"><a href=\"https:\/\/siciudadania.co\/2025\/06\/23\/colectivo-de-mujeres-trans-mujeres-con-poder-comuna-10-candelaria\/\" class=\"_self\" target=\"_self\" >Colectivo de mujeres trans: Mujeres con poder: Comuna 10-Candelaria<\/a><\/h4>\n<div class=\"pt-cv-content\">El colectivo de mujeres con poder de la comuna 10-Candelaria; trabajo y construy\u00f3 por medio de los laboratorios ciudadanos un ...<br \/><div class=\"pt-cv-rmwrap\"><a href=\"https:\/\/siciudadania.co\/2025\/06\/23\/colectivo-de-mujeres-trans-mujeres-con-poder-comuna-10-candelaria\/\" class=\"_self pt-cv-readmore btn btn-success\" target=\"_self\">Leer M\u00e1s<\/a><\/div><\/div><\/div><\/div><\/div><\/div>\t\t\t<style type=\"text\/css\" id=\"pt-cv-inline-style-c1a2b8e8l7\">\n#pt-cv-view-7880b95ym1 .pt-cv-thumb-wrapper:not(.miniwrap) {  }#pt-cv-view-7880b95ym1 .pt-cv-thumbnail:not(.pt-cv-thumbnailsm) { height: 250px; }#pt-cv-view-7880b95ym1 > .pt-cv-page {grid-template-columns: repeat(3, 1fr);grid-gap: 15px;}\n@media all and (max-width: 1024px) { \n#pt-cv-view-7880b95ym1 > .pt-cv-page {grid-template-columns: repeat(1, 1fr);}\n} \n@media all and (max-width: 767px) { \n#pt-cv-view-7880b95ym1 > .pt-cv-page {grid-template-columns: repeat(1, 1fr);}\n} <\/style>\r\n\t\t\t<\/div>\n\t\t\t\t<\/div>\n\t\t\t\t<\/div>\n\t\t\t\t\t<\/div>\n\t\t<\/div>\n\t\t\t\t\t\t\t<\/div>\n\t\t<\/section>\n\t\t\t\t<section class=\"elementor-section elementor-top-section elementor-element elementor-element-ed4affc elementor-section-boxed elementor-section-height-default elementor-section-height-default\" data-id=\"ed4affc\" data-element_type=\"section\">\n\t\t\t\t\t\t<div class=\"elementor-container elementor-column-gap-default\">\n\t\t\t\t\t<div class=\"elementor-column elementor-col-100 elementor-top-column elementor-element elementor-element-5ea7cc3\" data-id=\"5ea7cc3\" data-element_type=\"column\">\n\t\t\t<div class=\"elementor-widget-wrap elementor-element-populated\">\n\t\t\t\t\t\t\t\t<div class=\"elementor-element elementor-element-963f61f elementor-widget elementor-widget-heading\" data-id=\"963f61f\" data-element_type=\"widget\" data-widget_type=\"heading.default\">\n\t\t\t\t<div class=\"elementor-widget-container\">\n\t\t\t<h4 class=\"elementor-heading-title elementor-size-default\">\u00a1Te invitamos a interactuar con el Mapa de Experiencias de Innovaci\u00f3n Social en Medell\u00edn,\ndale click al siguiente enlace!<\/h4>\t\t<\/div>\n\t\t\t\t<\/div>\n\t\t\t\t\t<\/div>\n\t\t<\/div>\n\t\t\t\t\t\t\t<\/div>\n\t\t<\/section>\n\t\t\t\t<section class=\"elementor-section elementor-top-section elementor-element elementor-element-a07a7ef elementor-section-boxed elementor-section-height-default elementor-section-height-default\" data-id=\"a07a7ef\" data-element_type=\"section\">\n\t\t\t\t\t\t<div class=\"elementor-container elementor-column-gap-default\">\n\t\t\t\t\t<div class=\"elementor-column elementor-col-100 elementor-top-column elementor-element elementor-element-1fc11b8\" data-id=\"1fc11b8\" data-element_type=\"column\">\n\t\t\t<div class=\"elementor-widget-wrap elementor-element-populated\">\n\t\t\t\t\t\t\t\t<div class=\"elementor-element elementor-element-6d74841 elementor-widget elementor-widget-html\" data-id=\"6d74841\" data-element_type=\"widget\" data-widget_type=\"html.default\">\n\t\t\t\t<div class=\"elementor-widget-container\">\n\t\t\t<div class=\"padlet-embed\" style=\"border:1px solid rgba(0,0,0,0.1);border-radius:2px;box-sizing:border-box;overflow:hidden;position:relative;width:100%;background:#F4F4F4\"><p style=\"padding:0;margin:0\"><iframe src=\"https:\/\/padlet.com\/embed\/jza651ajxwnrzizy\" frameborder=\"0\" allow=\"camera;microphone;geolocation\" style=\"width:100%;height:608px;display:block;padding:0;margin:0\"><\/iframe><\/p><div style=\"display:flex;align-items:center;justify-content:end;margin:0;height:28px\"><a href=\"https:\/\/padlet.com?ref=embed\" style=\"display:block;flex-grow:0;margin:0;border:none;padding:0;text-decoration:none\" target=\"_blank\"><div style=\"display:flex;align-items:center;\"><img loading=\"lazy\" decoding=\"async\" src=\"https:\/\/padlet.net\/embeds\/made_with_padlet_2022.png\" width=\"114\" height=\"28\" style=\"padding:0;margin:0;background:0 0;border:none;box-shadow:none\" alt=\"Hecho con Padlet\"><\/div><\/a><\/div><\/div>\t\t<\/div>\n\t\t\t\t<\/div>\n\t\t\t\t\t<\/div>\n\t\t<\/div>\n\t\t\t\t\t\t\t<\/div>\n\t\t<\/section>\n\t\t\t\t\t\t\t<\/div>\n\t\t","protected":false},"excerpt":{"rendered":"<p>\u00a1Te invitamos a interactuar con el Mapa de Experiencias de Innovaci\u00f3n Social en Medell\u00edn, dale click al siguiente enlace!<\/p>\n","protected":false},"author":1,"featured_media":0,"parent":0,"menu_order":0,"comment_status":"closed","ping_status":"closed","template":"","meta":{"_mc_calendar":[],"footnotes":""},"class_list":["post-6360","page","type-page","status-publish","hentry"],"yoast_head":"<!-- This site is optimized with the Yoast SEO plugin v21.5 - https:\/\/yoast.com\/wordpress\/plugins\/seo\/ -->\n<title>Planes Innovadores de Transformaci\u00f3n 2025 -<\/title>\n<meta name=\"robots\" content=\"index, follow, max-snippet:-1, max-image-preview:large, max-video-preview:-1\" \/>\n<link rel=\"canonical\" href=\"https:\/\/siciudadania.co\/planes-innovadores-de-transformacion-2024-2\/\" \/>\n<meta property=\"og:locale\" content=\"es_ES\" \/>\n<meta property=\"og:type\" content=\"article\" \/>\n<meta property=\"og:title\" content=\"Planes Innovadores de Transformaci\u00f3n 2025 -\" \/>\n<meta property=\"og:description\" content=\"\u00a1Te invitamos a interactuar con el Mapa de Experiencias de Innovaci\u00f3n Social en Medell\u00edn, dale click al siguiente enlace!\" \/>\n<meta property=\"og:url\" content=\"https:\/\/siciudadania.co\/planes-innovadores-de-transformacion-2024-2\/\" \/>\n<meta property=\"article:modified_time\" content=\"2025-08-14T22:51:57+00:00\" \/>\n<meta property=\"og:image\" content=\"https:\/\/padlet.net\/embeds\/made_with_padlet_2022.png\" \/>\n<meta name=\"twitter:card\" content=\"summary_large_image\" \/>\n<meta name=\"twitter:label1\" content=\"Tiempo de lectura\" \/>\n\t<meta name=\"twitter:data1\" content=\"1 minuto\" \/>\n<script type=\"application\/ld+json\" class=\"yoast-schema-graph\">{\"@context\":\"https:\/\/schema.org\",\"@graph\":[{\"@type\":\"WebPage\",\"@id\":\"https:\/\/siciudadania.co\/planes-innovadores-de-transformacion-2024-2\/\",\"url\":\"https:\/\/siciudadania.co\/planes-innovadores-de-transformacion-2024-2\/\",\"name\":\"Planes Innovadores de Transformaci\u00f3n 2025 -\",\"isPartOf\":{\"@id\":\"https:\/\/siciudadania.co\/#website\"},\"datePublished\":\"2025-06-23T05:40:00+00:00\",\"dateModified\":\"2025-08-14T22:51:57+00:00\",\"breadcrumb\":{\"@id\":\"https:\/\/siciudadania.co\/planes-innovadores-de-transformacion-2024-2\/#breadcrumb\"},\"inLanguage\":\"es\",\"potentialAction\":[{\"@type\":\"ReadAction\",\"target\":[\"https:\/\/siciudadania.co\/planes-innovadores-de-transformacion-2024-2\/\"]}]},{\"@type\":\"BreadcrumbList\",\"@id\":\"https:\/\/siciudadania.co\/planes-innovadores-de-transformacion-2024-2\/#breadcrumb\",\"itemListElement\":[{\"@type\":\"ListItem\",\"position\":1,\"name\":\"Portada\",\"item\":\"https:\/\/siciudadania.co\/\"},{\"@type\":\"ListItem\",\"position\":2,\"name\":\"Planes Innovadores de Transformaci\u00f3n 2025\"}]},{\"@type\":\"WebSite\",\"@id\":\"https:\/\/siciudadania.co\/#website\",\"url\":\"https:\/\/siciudadania.co\/\",\"name\":\"\",\"description\":\"\",\"potentialAction\":[{\"@type\":\"SearchAction\",\"target\":{\"@type\":\"EntryPoint\",\"urlTemplate\":\"https:\/\/siciudadania.co\/?s={search_term_string}\"},\"query-input\":\"required name=search_term_string\"}],\"inLanguage\":\"es\"}]}<\/script>\n<!-- \/ Yoast SEO plugin. -->","yoast_head_json":{"title":"Planes Innovadores de Transformaci\u00f3n 2025 -","robots":{"index":"index","follow":"follow","max-snippet":"max-snippet:-1","max-image-preview":"max-image-preview:large","max-video-preview":"max-video-preview:-1"},"canonical":"https:\/\/siciudadania.co\/planes-innovadores-de-transformacion-2024-2\/","og_locale":"es_ES","og_type":"article","og_title":"Planes Innovadores de Transformaci\u00f3n 2025 -","og_description":"\u00a1Te invitamos a interactuar con el Mapa de Experiencias de Innovaci\u00f3n Social en Medell\u00edn, dale click al siguiente enlace!","og_url":"https:\/\/siciudadania.co\/planes-innovadores-de-transformacion-2024-2\/","article_modified_time":"2025-08-14T22:51:57+00:00","og_image":[{"url":"https:\/\/padlet.net\/embeds\/made_with_padlet_2022.png"}],"twitter_card":"summary_large_image","twitter_misc":{"Tiempo de lectura":"1 minuto"},"schema":{"@context":"https:\/\/schema.org","@graph":[{"@type":"WebPage","@id":"https:\/\/siciudadania.co\/planes-innovadores-de-transformacion-2024-2\/","url":"https:\/\/siciudadania.co\/planes-innovadores-de-transformacion-2024-2\/","name":"Planes Innovadores de Transformaci\u00f3n 2025 -","isPartOf":{"@id":"https:\/\/siciudadania.co\/#website"},"datePublished":"2025-06-23T05:40:00+00:00","dateModified":"2025-08-14T22:51:57+00:00","breadcrumb":{"@id":"https:\/\/siciudadania.co\/planes-innovadores-de-transformacion-2024-2\/#breadcrumb"},"inLanguage":"es","potentialAction":[{"@type":"ReadAction","target":["https:\/\/siciudadania.co\/planes-innovadores-de-transformacion-2024-2\/"]}]},{"@type":"BreadcrumbList","@id":"https:\/\/siciudadania.co\/planes-innovadores-de-transformacion-2024-2\/#breadcrumb","itemListElement":[{"@type":"ListItem","position":1,"name":"Portada","item":"https:\/\/siciudadania.co\/"},{"@type":"ListItem","position":2,"name":"Planes Innovadores de Transformaci\u00f3n 2025"}]},{"@type":"WebSite","@id":"https:\/\/siciudadania.co\/#website","url":"https:\/\/siciudadania.co\/","name":"","description":"","potentialAction":[{"@type":"SearchAction","target":{"@type":"EntryPoint","urlTemplate":"https:\/\/siciudadania.co\/?s={search_term_string}"},"query-input":"required name=search_term_string"}],"inLanguage":"es"}]}},"_links":{"self":[{"href":"https:\/\/siciudadania.co\/wp-json\/wp\/v2\/pages\/6360","targetHints":{"allow":["GET"]}}],"collection":[{"href":"https:\/\/siciudadania.co\/wp-json\/wp\/v2\/pages"}],"about":[{"href":"https:\/\/siciudadania.co\/wp-json\/wp\/v2\/types\/page"}],"author":[{"embeddable":true,"href":"https:\/\/siciudadania.co\/wp-json\/wp\/v2\/users\/1"}],"replies":[{"embeddable":true,"href":"https:\/\/siciudadania.co\/wp-json\/wp\/v2\/comments?post=6360"}],"version-history":[{"count":7,"href":"https:\/\/siciudadania.co\/wp-json\/wp\/v2\/pages\/6360\/revisions"}],"predecessor-version":[{"id":6742,"href":"https:\/\/siciudadania.co\/wp-json\/wp\/v2\/pages\/6360\/revisions\/6742"}],"wp:attachment":[{"href":"https:\/\/siciudadania.co\/wp-json\/wp\/v2\/media?parent=6360"}],"curies":[{"name":"wp","href":"https:\/\/api.w.org\/{rel}","templated":true}]}}