{"id":4231,"date":"2023-05-04T22:22:08","date_gmt":"2023-05-04T22:22:08","guid":{"rendered":"https:\/\/siciudadania.co\/?page_id=4231"},"modified":"2023-06-05T19:20:33","modified_gmt":"2023-06-05T19:20:33","slug":"nuevas-expresiones-ciudadanas","status":"publish","type":"page","link":"https:\/\/siciudadania.co\/nuevas-expresiones-ciudadanas\/","title":{"rendered":"Nuevas Expresiones Ciudadanas"},"content":{"rendered":"\t\t<div data-elementor-type=\"wp-page\" data-elementor-id=\"4231\" class=\"elementor elementor-4231\">\n\t\t\t\t\t\t\t\t\t<section class=\"elementor-section elementor-top-section elementor-element elementor-element-5914cbc elementor-section-boxed elementor-section-height-default elementor-section-height-default\" data-id=\"5914cbc\" data-element_type=\"section\">\n\t\t\t\t\t\t<div class=\"elementor-container elementor-column-gap-default\">\n\t\t\t\t\t<div class=\"elementor-column elementor-col-100 elementor-top-column elementor-element elementor-element-d80313a\" data-id=\"d80313a\" data-element_type=\"column\">\n\t\t\t<div class=\"elementor-widget-wrap elementor-element-populated\">\n\t\t\t\t\t\t\t\t<div class=\"elementor-element elementor-element-aef872c elementor-widget elementor-widget-text-editor\" data-id=\"aef872c\" data-element_type=\"widget\" data-widget_type=\"text-editor.default\">\n\t\t\t\t<div class=\"elementor-widget-container\">\n\t\t\t\t\t\t\t<p>Las nuevas expresiones ciudadanas (NEC) de la participaci\u00f3n surgen como formas de organizaci\u00f3n o asociatividad distintas a las tradicionales m\u00e1s r\u00edgidas e institucionalizadas; se caracterizan por su informalidad, flexibilidad, a veces por su espontaneidad o existencia transitoria.<\/p>\n<p>Tambi\u00e9n, son expresiones de la participaci\u00f3n ciudadana que se organizan en torno a una agenda que constituye una novedad para la ciudadan\u00eda, tienen formas de expresi\u00f3n at\u00edpicas en las que se apropian de espacios, narrativas y simbolog\u00edas para lograr su visibilizaci\u00f3n y se organizan a trav\u00e9s de formas menos jer\u00e1rquicas utilizando, por ejemplo, las redes sociales.<\/p>\t\t\t\t\t\t<\/div>\n\t\t\t\t<\/div>\n\t\t\t\t\t<\/div>\n\t\t<\/div>\n\t\t\t\t\t\t\t<\/div>\n\t\t<\/section>\n\t\t\t\t<section class=\"elementor-section elementor-top-section elementor-element elementor-element-57ca152 elementor-section-boxed elementor-section-height-default elementor-section-height-default\" data-id=\"57ca152\" data-element_type=\"section\">\n\t\t\t\t\t\t<div class=\"elementor-container elementor-column-gap-default\">\n\t\t\t\t\t<div class=\"elementor-column elementor-col-100 elementor-top-column elementor-element elementor-element-ae106dc\" data-id=\"ae106dc\" data-element_type=\"column\">\n\t\t\t<div class=\"elementor-widget-wrap elementor-element-populated\">\n\t\t\t\t\t\t\t\t<div class=\"elementor-element elementor-element-bcf693c elementor-widget elementor-widget-shortcode\" data-id=\"bcf693c\" data-element_type=\"widget\" data-widget_type=\"shortcode.default\">\n\t\t\t\t<div class=\"elementor-widget-container\">\n\t\t\t\t\t<div class=\"elementor-shortcode\"><div class=\"pt-cv-wrapper\"><div class=\"pt-cv-view pt-cv-grid pt-cv-colsys\" id=\"pt-cv-view-2e9a036boa\"><div data-id=\"pt-cv-page-1\" class=\"pt-cv-page\" data-cvc=\"2\"><div class=\"col-md-6 col-sm-6 col-xs-12 pt-cv-content-item pt-cv-1-col\" ><div class='pt-cv-ifield'><a href=\"https:\/\/siciudadania.co\/2023\/10\/25\/ki-step-academy\/\" class=\"_blank pt-cv-href-thumbnail pt-cv-thumb-default\" target=\"_blank\" ><img fetchpriority=\"high\" decoding=\"async\" width=\"640\" height=\"360\" src=\"https:\/\/siciudadania.co\/wp-content\/uploads\/2023\/10\/ki-step-1024x576.png\" class=\"pt-cv-thumbnail\" alt=\"\" srcset=\"https:\/\/siciudadania.co\/wp-content\/uploads\/2023\/10\/ki-step-1024x576.png 1024w, https:\/\/siciudadania.co\/wp-content\/uploads\/2023\/10\/ki-step-300x169.png 300w, https:\/\/siciudadania.co\/wp-content\/uploads\/2023\/10\/ki-step-768x432.png 768w, https:\/\/siciudadania.co\/wp-content\/uploads\/2023\/10\/ki-step-1536x864.png 1536w, https:\/\/siciudadania.co\/wp-content\/uploads\/2023\/10\/ki-step.png 1920w\" sizes=\"(max-width: 640px) 100vw, 640px\" \/><\/a>\n<h2 class=\"pt-cv-title\"><a href=\"https:\/\/siciudadania.co\/2023\/10\/25\/ki-step-academy\/\" class=\"_blank\" target=\"_blank\" >Ki Step Academy<\/a><\/h2>\n<div class=\"pt-cv-content\">Somos Ki Step, academia de danza urbana. Este proyecto di\u00f3 inicio el 2 octubre en el barrio robledo santa mar\u00eda ...<br \/><div class=\"pt-cv-rmwrap\"><a href=\"https:\/\/siciudadania.co\/2023\/10\/25\/ki-step-academy\/\" class=\"_blank pt-cv-readmore btn btn-success\" target=\"_blank\">Ver m\u00e1s<\/a><\/div><\/div><\/div><\/div>\n<div class=\"col-md-6 col-sm-6 col-xs-12 pt-cv-content-item pt-cv-1-col\" ><div class='pt-cv-ifield'><a href=\"https:\/\/siciudadania.co\/2023\/09\/15\/corporacion-cultural-teatro-abierto\/\" class=\"_blank pt-cv-href-thumbnail pt-cv-thumb-default\" target=\"_blank\" ><img decoding=\"async\" width=\"640\" height=\"477\" src=\"https:\/\/siciudadania.co\/wp-content\/uploads\/2023\/09\/WhatsApp-Image-2023-09-15-at-2.12.06-PM-1024x763.jpeg\" class=\"pt-cv-thumbnail\" alt=\"\" srcset=\"https:\/\/siciudadania.co\/wp-content\/uploads\/2023\/09\/WhatsApp-Image-2023-09-15-at-2.12.06-PM-1024x763.jpeg 1024w, https:\/\/siciudadania.co\/wp-content\/uploads\/2023\/09\/WhatsApp-Image-2023-09-15-at-2.12.06-PM-300x224.jpeg 300w, https:\/\/siciudadania.co\/wp-content\/uploads\/2023\/09\/WhatsApp-Image-2023-09-15-at-2.12.06-PM-768x572.jpeg 768w, https:\/\/siciudadania.co\/wp-content\/uploads\/2023\/09\/WhatsApp-Image-2023-09-15-at-2.12.06-PM-110x83.jpeg 110w, https:\/\/siciudadania.co\/wp-content\/uploads\/2023\/09\/WhatsApp-Image-2023-09-15-at-2.12.06-PM.jpeg 1080w\" sizes=\"(max-width: 640px) 100vw, 640px\" \/><\/a>\n<h2 class=\"pt-cv-title\"><a href=\"https:\/\/siciudadania.co\/2023\/09\/15\/corporacion-cultural-teatro-abierto\/\" class=\"_blank\" target=\"_blank\" >Corporacion Cultural TEAtro Abierto<\/a><\/h2>\n<div class=\"pt-cv-content\">Corporacion Cultural TEAtro Abierto, es creer para crear, es una organizaci\u00f3n conformada por artistas profesionales, formadores, creadores, gestores y emprendores ...<br \/><div class=\"pt-cv-rmwrap\"><a href=\"https:\/\/siciudadania.co\/2023\/09\/15\/corporacion-cultural-teatro-abierto\/\" class=\"_blank pt-cv-readmore btn btn-success\" target=\"_blank\">Ver m\u00e1s<\/a><\/div><\/div><\/div><\/div>\n<div class=\"col-md-6 col-sm-6 col-xs-12 pt-cv-content-item pt-cv-1-col\" ><div class='pt-cv-ifield'><a href=\"https:\/\/siciudadania.co\/2023\/09\/15\/saramuya\/\" class=\"_blank pt-cv-href-thumbnail pt-cv-thumb-default\" target=\"_blank\" ><img decoding=\"async\" width=\"640\" height=\"360\" src=\"https:\/\/siciudadania.co\/wp-content\/uploads\/2023\/09\/saramuya-1024x576.png\" class=\"pt-cv-thumbnail\" alt=\"\" srcset=\"https:\/\/siciudadania.co\/wp-content\/uploads\/2023\/09\/saramuya-1024x576.png 1024w, https:\/\/siciudadania.co\/wp-content\/uploads\/2023\/09\/saramuya-300x169.png 300w, https:\/\/siciudadania.co\/wp-content\/uploads\/2023\/09\/saramuya-768x432.png 768w, https:\/\/siciudadania.co\/wp-content\/uploads\/2023\/09\/saramuya-1536x864.png 1536w, https:\/\/siciudadania.co\/wp-content\/uploads\/2023\/09\/saramuya.png 1920w\" sizes=\"(max-width: 640px) 100vw, 640px\" \/><\/a>\n<h2 class=\"pt-cv-title\"><a href=\"https:\/\/siciudadania.co\/2023\/09\/15\/saramuya\/\" class=\"_blank\" target=\"_blank\" >Saramuya<\/a><\/h2>\n<div class=\"pt-cv-content\">La Escuela de formaci\u00f3n art\u00edstica Saramuya, se encuentra ubicada en el barrio las estancias comuna 8. Escenario que se se ...<br \/><div class=\"pt-cv-rmwrap\"><a href=\"https:\/\/siciudadania.co\/2023\/09\/15\/saramuya\/\" class=\"_blank pt-cv-readmore btn btn-success\" target=\"_blank\">Ver m\u00e1s<\/a><\/div><\/div><\/div><\/div>\n<div class=\"col-md-6 col-sm-6 col-xs-12 pt-cv-content-item pt-cv-1-col\" ><div class='pt-cv-ifield'><a href=\"https:\/\/siciudadania.co\/2023\/06\/22\/club-deportivo-barcelona-real-caribe\/\" class=\"_blank pt-cv-href-thumbnail pt-cv-thumb-default\" target=\"_blank\" ><img loading=\"lazy\" decoding=\"async\" width=\"640\" height=\"360\" src=\"https:\/\/siciudadania.co\/wp-content\/uploads\/2023\/06\/club-deportivo-real-caribe-1024x576.png\" class=\"pt-cv-thumbnail\" alt=\"\" srcset=\"https:\/\/siciudadania.co\/wp-content\/uploads\/2023\/06\/club-deportivo-real-caribe-1024x576.png 1024w, https:\/\/siciudadania.co\/wp-content\/uploads\/2023\/06\/club-deportivo-real-caribe-300x169.png 300w, https:\/\/siciudadania.co\/wp-content\/uploads\/2023\/06\/club-deportivo-real-caribe-768x432.png 768w, https:\/\/siciudadania.co\/wp-content\/uploads\/2023\/06\/club-deportivo-real-caribe-1536x864.png 1536w, https:\/\/siciudadania.co\/wp-content\/uploads\/2023\/06\/club-deportivo-real-caribe.png 1920w\" sizes=\"(max-width: 640px) 100vw, 640px\" \/><\/a>\n<h2 class=\"pt-cv-title\"><a href=\"https:\/\/siciudadania.co\/2023\/06\/22\/club-deportivo-barcelona-real-caribe\/\" class=\"_blank\" target=\"_blank\" >Club Deportivo Barcelona Real Caribe<\/a><\/h2>\n<div class=\"pt-cv-content\"> ...<br \/><div class=\"pt-cv-rmwrap\"><a href=\"https:\/\/siciudadania.co\/2023\/06\/22\/club-deportivo-barcelona-real-caribe\/\" class=\"_blank pt-cv-readmore btn btn-success\" target=\"_blank\">Ver m\u00e1s<\/a><\/div><\/div><\/div><\/div>\n<div class=\"col-md-6 col-sm-6 col-xs-12 pt-cv-content-item pt-cv-1-col\" ><div class='pt-cv-ifield'><a href=\"https:\/\/siciudadania.co\/2023\/06\/22\/conversarte\/\" class=\"_blank pt-cv-href-thumbnail pt-cv-thumb-default\" target=\"_blank\" ><img loading=\"lazy\" decoding=\"async\" width=\"640\" height=\"360\" src=\"https:\/\/siciudadania.co\/wp-content\/uploads\/2023\/06\/conversarte-1024x576.png\" class=\"pt-cv-thumbnail\" alt=\"\" srcset=\"https:\/\/siciudadania.co\/wp-content\/uploads\/2023\/06\/conversarte-1024x576.png 1024w, https:\/\/siciudadania.co\/wp-content\/uploads\/2023\/06\/conversarte-300x169.png 300w, https:\/\/siciudadania.co\/wp-content\/uploads\/2023\/06\/conversarte-768x432.png 768w, https:\/\/siciudadania.co\/wp-content\/uploads\/2023\/06\/conversarte-1536x864.png 1536w, https:\/\/siciudadania.co\/wp-content\/uploads\/2023\/06\/conversarte.png 1920w\" sizes=\"(max-width: 640px) 100vw, 640px\" \/><\/a>\n<h2 class=\"pt-cv-title\"><a href=\"https:\/\/siciudadania.co\/2023\/06\/22\/conversarte\/\" class=\"_blank\" target=\"_blank\" >Conversarte<\/a><\/h2>\n<div class=\"pt-cv-content\">Canal cultural dirigido por Andrea Ruiz creado con el fin de transformar el ser a trav\u00e9s del arte. <ul class=\"wp-block-social-links\"> <\/ul> ...<br \/><div class=\"pt-cv-rmwrap\"><a href=\"https:\/\/siciudadania.co\/2023\/06\/22\/conversarte\/\" class=\"_blank pt-cv-readmore btn btn-success\" target=\"_blank\">Ver m\u00e1s<\/a><\/div><\/div><\/div><\/div>\n<div class=\"col-md-6 col-sm-6 col-xs-12 pt-cv-content-item pt-cv-1-col\" ><div class='pt-cv-ifield'><a href=\"https:\/\/siciudadania.co\/2023\/06\/22\/titiritrece\/\" class=\"_blank pt-cv-href-thumbnail pt-cv-thumb-default\" target=\"_blank\" ><img loading=\"lazy\" decoding=\"async\" width=\"640\" height=\"360\" src=\"https:\/\/siciudadania.co\/wp-content\/uploads\/2023\/06\/titiritrece-1024x576.png\" class=\"pt-cv-thumbnail\" alt=\"\" srcset=\"https:\/\/siciudadania.co\/wp-content\/uploads\/2023\/06\/titiritrece-1024x576.png 1024w, https:\/\/siciudadania.co\/wp-content\/uploads\/2023\/06\/titiritrece-300x169.png 300w, https:\/\/siciudadania.co\/wp-content\/uploads\/2023\/06\/titiritrece-768x432.png 768w, https:\/\/siciudadania.co\/wp-content\/uploads\/2023\/06\/titiritrece-1536x864.png 1536w, https:\/\/siciudadania.co\/wp-content\/uploads\/2023\/06\/titiritrece.png 1920w\" sizes=\"(max-width: 640px) 100vw, 640px\" \/><\/a>\n<h2 class=\"pt-cv-title\"><a href=\"https:\/\/siciudadania.co\/2023\/06\/22\/titiritrece\/\" class=\"_blank\" target=\"_blank\" >Titiritrece<\/a><\/h2>\n<div class=\"pt-cv-content\">TitiriTrece es un proceso que se enfoca en el teatro con t\u00edteres y la educaci\u00f3n popular. Abordando temas como:\u00a0<a href=\"https:\/\/www.instagram.com\/explore\/tags\/memoria\/\">#memoria<\/a>\u00a0<a href=\"https:\/\/www.instagram.com\/explore\/tags\/g%C3%A9nero\/\">#g\u00e9nero<\/a>\u00a0<a href=\"https:\/\/www.instagram.com\/explore\/tags\/territorio\/\">#territorio<\/a>\u00a0<a href=\"https:\/\/www.instagram.com\/explore\/tags\/inclusi%C3%B3n\/\">#inclusi\u00f3n<\/a>. <ul class=\"wp-block-social-links\"> ...<br \/><div class=\"pt-cv-rmwrap\"><a href=\"https:\/\/siciudadania.co\/2023\/06\/22\/titiritrece\/\" class=\"_blank pt-cv-readmore btn btn-success\" target=\"_blank\">Ver m\u00e1s<\/a><\/div><\/ul><\/div><\/div><\/div>\n<div class=\"col-md-6 col-sm-6 col-xs-12 pt-cv-content-item pt-cv-1-col\" ><div class='pt-cv-ifield'><a href=\"https:\/\/siciudadania.co\/2023\/06\/22\/in-vino-veritas\/\" class=\"_blank pt-cv-href-thumbnail pt-cv-thumb-default\" target=\"_blank\" ><img loading=\"lazy\" decoding=\"async\" width=\"640\" height=\"360\" src=\"https:\/\/siciudadania.co\/wp-content\/uploads\/2023\/06\/invinoveritas-1024x576.png\" class=\"pt-cv-thumbnail\" alt=\"\" srcset=\"https:\/\/siciudadania.co\/wp-content\/uploads\/2023\/06\/invinoveritas-1024x576.png 1024w, https:\/\/siciudadania.co\/wp-content\/uploads\/2023\/06\/invinoveritas-300x169.png 300w, https:\/\/siciudadania.co\/wp-content\/uploads\/2023\/06\/invinoveritas-768x432.png 768w, https:\/\/siciudadania.co\/wp-content\/uploads\/2023\/06\/invinoveritas-1536x864.png 1536w, https:\/\/siciudadania.co\/wp-content\/uploads\/2023\/06\/invinoveritas.png 1920w\" sizes=\"(max-width: 640px) 100vw, 640px\" \/><\/a>\n<h2 class=\"pt-cv-title\"><a href=\"https:\/\/siciudadania.co\/2023\/06\/22\/in-vino-veritas\/\" class=\"_blank\" target=\"_blank\" >In Vino Veritas<\/a><\/h2>\n<div class=\"pt-cv-content\">In vino veritas, vino artesanal.<br \/>Elaboramos vinos y fermentados a partir de frutas y (o) plantas totalmente org\u00e1nicos naturales y saludables ...<br \/><div class=\"pt-cv-rmwrap\"><a href=\"https:\/\/siciudadania.co\/2023\/06\/22\/in-vino-veritas\/\" class=\"_blank pt-cv-readmore btn btn-success\" target=\"_blank\">Ver m\u00e1s<\/a><\/div><\/div><\/div><\/div>\n<div class=\"col-md-6 col-sm-6 col-xs-12 pt-cv-content-item pt-cv-1-col\" ><div class='pt-cv-ifield'><a href=\"https:\/\/siciudadania.co\/2023\/05\/24\/surenas-ritmo-y-sabor\/\" class=\"_blank pt-cv-href-thumbnail pt-cv-thumb-default\" target=\"_blank\" ><img loading=\"lazy\" decoding=\"async\" width=\"640\" height=\"360\" src=\"https:\/\/siciudadania.co\/wp-content\/uploads\/2023\/05\/surenas-ritmo-y-sabor-1024x576.png\" class=\"pt-cv-thumbnail\" alt=\"\" srcset=\"https:\/\/siciudadania.co\/wp-content\/uploads\/2023\/05\/surenas-ritmo-y-sabor-1024x576.png 1024w, https:\/\/siciudadania.co\/wp-content\/uploads\/2023\/05\/surenas-ritmo-y-sabor-300x169.png 300w, https:\/\/siciudadania.co\/wp-content\/uploads\/2023\/05\/surenas-ritmo-y-sabor-768x432.png 768w, https:\/\/siciudadania.co\/wp-content\/uploads\/2023\/05\/surenas-ritmo-y-sabor-1536x864.png 1536w, https:\/\/siciudadania.co\/wp-content\/uploads\/2023\/05\/surenas-ritmo-y-sabor.png 1920w\" sizes=\"(max-width: 640px) 100vw, 640px\" \/><\/a>\n<h2 class=\"pt-cv-title\"><a href=\"https:\/\/siciudadania.co\/2023\/05\/24\/surenas-ritmo-y-sabor\/\" class=\"_blank\" target=\"_blank\" >Sure\u00f1as Ritmo y Sabor<\/a><\/h2>\n<div class=\"pt-cv-content\">Grupo conformado por un grupo de mujeres indigemas del cabildo indigena Quillacingas Pastos en las que a trav\u00e9s del arte, ...<br \/><div class=\"pt-cv-rmwrap\"><a href=\"https:\/\/siciudadania.co\/2023\/05\/24\/surenas-ritmo-y-sabor\/\" class=\"_blank pt-cv-readmore btn btn-success\" target=\"_blank\">Ver m\u00e1s<\/a><\/div><\/div><\/div><\/div>\n<div class=\"col-md-6 col-sm-6 col-xs-12 pt-cv-content-item pt-cv-1-col\" ><div class='pt-cv-ifield'><a href=\"https:\/\/siciudadania.co\/2023\/05\/24\/spacexcheer\/\" class=\"_blank pt-cv-href-thumbnail pt-cv-thumb-default\" target=\"_blank\" ><img loading=\"lazy\" decoding=\"async\" width=\"640\" height=\"360\" src=\"https:\/\/siciudadania.co\/wp-content\/uploads\/2023\/05\/spacexcheer-1024x576.png\" class=\"pt-cv-thumbnail\" alt=\"\" srcset=\"https:\/\/siciudadania.co\/wp-content\/uploads\/2023\/05\/spacexcheer-1024x576.png 1024w, https:\/\/siciudadania.co\/wp-content\/uploads\/2023\/05\/spacexcheer-300x169.png 300w, https:\/\/siciudadania.co\/wp-content\/uploads\/2023\/05\/spacexcheer-768x432.png 768w, https:\/\/siciudadania.co\/wp-content\/uploads\/2023\/05\/spacexcheer-1536x864.png 1536w, https:\/\/siciudadania.co\/wp-content\/uploads\/2023\/05\/spacexcheer.png 1920w\" sizes=\"(max-width: 640px) 100vw, 640px\" \/><\/a>\n<h2 class=\"pt-cv-title\"><a href=\"https:\/\/siciudadania.co\/2023\/05\/24\/spacexcheer\/\" class=\"_blank\" target=\"_blank\" >Spacexcheer<\/a><\/h2>\n<div class=\"pt-cv-content\"><ul class=\"wp-block-social-links\"><\/ul> ...<br \/><div class=\"pt-cv-rmwrap\"><a href=\"https:\/\/siciudadania.co\/2023\/05\/24\/spacexcheer\/\" class=\"_blank pt-cv-readmore btn btn-success\" target=\"_blank\">Ver m\u00e1s<\/a><\/div><\/div><\/div><\/div>\n<div class=\"col-md-6 col-sm-6 col-xs-12 pt-cv-content-item pt-cv-1-col\" ><div class='pt-cv-ifield'><a href=\"https:\/\/siciudadania.co\/2023\/05\/24\/ak47\/\" class=\"_blank pt-cv-href-thumbnail pt-cv-thumb-default\" target=\"_blank\" ><img loading=\"lazy\" decoding=\"async\" width=\"640\" height=\"360\" src=\"https:\/\/siciudadania.co\/wp-content\/uploads\/2023\/05\/ak47-1024x576.png\" class=\"pt-cv-thumbnail\" alt=\"\" srcset=\"https:\/\/siciudadania.co\/wp-content\/uploads\/2023\/05\/ak47-1024x576.png 1024w, https:\/\/siciudadania.co\/wp-content\/uploads\/2023\/05\/ak47-300x169.png 300w, https:\/\/siciudadania.co\/wp-content\/uploads\/2023\/05\/ak47-768x432.png 768w, https:\/\/siciudadania.co\/wp-content\/uploads\/2023\/05\/ak47-1536x864.png 1536w, https:\/\/siciudadania.co\/wp-content\/uploads\/2023\/05\/ak47.png 1920w\" sizes=\"(max-width: 640px) 100vw, 640px\" \/><\/a>\n<h2 class=\"pt-cv-title\"><a href=\"https:\/\/siciudadania.co\/2023\/05\/24\/ak47\/\" class=\"_blank\" target=\"_blank\" >AK47<\/a><\/h2>\n<div class=\"pt-cv-content\">AK47 Disparando Letras es un grupo de hip Hop que viene trabajando hace 21 a\u00f1os en el barrio 13 de ...<br \/><div class=\"pt-cv-rmwrap\"><a href=\"https:\/\/siciudadania.co\/2023\/05\/24\/ak47\/\" class=\"_blank pt-cv-readmore btn btn-success\" target=\"_blank\">Ver m\u00e1s<\/a><\/div><\/div><\/div><\/div>\n<div class=\"col-md-6 col-sm-6 col-xs-12 pt-cv-content-item pt-cv-1-col\" ><div class='pt-cv-ifield'><a href=\"https:\/\/siciudadania.co\/2023\/05\/09\/club-la-marana\/\" class=\"_blank pt-cv-href-thumbnail pt-cv-thumb-default\" target=\"_blank\" ><\/a>\n<h2 class=\"pt-cv-title\"><a href=\"https:\/\/siciudadania.co\/2023\/05\/09\/club-la-marana\/\" class=\"_blank\" target=\"_blank\" >Club La Mara\u00f1a<\/a><\/h2>\n<div class=\"pt-cv-content\"> ...<br \/><div class=\"pt-cv-rmwrap\"><a href=\"https:\/\/siciudadania.co\/2023\/05\/09\/club-la-marana\/\" class=\"_blank pt-cv-readmore btn btn-success\" target=\"_blank\">Ver m\u00e1s<\/a><\/div><\/div><\/div><\/div>\n<div class=\"col-md-6 col-sm-6 col-xs-12 pt-cv-content-item pt-cv-1-col\" ><div class='pt-cv-ifield'><a href=\"https:\/\/siciudadania.co\/2023\/05\/09\/hills-skateboarding\/\" class=\"_blank pt-cv-href-thumbnail pt-cv-thumb-default\" target=\"_blank\" ><img loading=\"lazy\" decoding=\"async\" width=\"640\" height=\"360\" src=\"https:\/\/siciudadania.co\/wp-content\/uploads\/2023\/05\/hills-skateboarding-1024x576.png\" class=\"pt-cv-thumbnail\" alt=\"\" srcset=\"https:\/\/siciudadania.co\/wp-content\/uploads\/2023\/05\/hills-skateboarding-1024x576.png 1024w, https:\/\/siciudadania.co\/wp-content\/uploads\/2023\/05\/hills-skateboarding-300x169.png 300w, https:\/\/siciudadania.co\/wp-content\/uploads\/2023\/05\/hills-skateboarding-768x432.png 768w, https:\/\/siciudadania.co\/wp-content\/uploads\/2023\/05\/hills-skateboarding-1536x864.png 1536w, https:\/\/siciudadania.co\/wp-content\/uploads\/2023\/05\/hills-skateboarding.png 1920w\" sizes=\"(max-width: 640px) 100vw, 640px\" \/><\/a>\n<h2 class=\"pt-cv-title\"><a href=\"https:\/\/siciudadania.co\/2023\/05\/09\/hills-skateboarding\/\" class=\"_blank\" target=\"_blank\" >Hills Skateboarding<\/a><\/h2>\n<div class=\"pt-cv-content\"><ul class=\"wp-block-social-links\"><\/ul> ...<br \/><div class=\"pt-cv-rmwrap\"><a href=\"https:\/\/siciudadania.co\/2023\/05\/09\/hills-skateboarding\/\" class=\"_blank pt-cv-readmore btn btn-success\" target=\"_blank\">Ver m\u00e1s<\/a><\/div><\/div><\/div><\/div>\n<div class=\"col-md-6 col-sm-6 col-xs-12 pt-cv-content-item pt-cv-1-col\" ><div class='pt-cv-ifield'><a href=\"https:\/\/siciudadania.co\/2023\/05\/09\/fantastics\/\" class=\"_blank pt-cv-href-thumbnail pt-cv-thumb-default\" target=\"_blank\" ><img loading=\"lazy\" decoding=\"async\" width=\"640\" height=\"360\" src=\"https:\/\/siciudadania.co\/wp-content\/uploads\/2023\/05\/fanstastics-1024x576.png\" class=\"pt-cv-thumbnail\" alt=\"\" srcset=\"https:\/\/siciudadania.co\/wp-content\/uploads\/2023\/05\/fanstastics-1024x576.png 1024w, https:\/\/siciudadania.co\/wp-content\/uploads\/2023\/05\/fanstastics-300x169.png 300w, https:\/\/siciudadania.co\/wp-content\/uploads\/2023\/05\/fanstastics-768x432.png 768w, https:\/\/siciudadania.co\/wp-content\/uploads\/2023\/05\/fanstastics-1536x864.png 1536w, https:\/\/siciudadania.co\/wp-content\/uploads\/2023\/05\/fanstastics.png 1920w\" sizes=\"(max-width: 640px) 100vw, 640px\" \/><\/a>\n<h2 class=\"pt-cv-title\"><a href=\"https:\/\/siciudadania.co\/2023\/05\/09\/fantastics\/\" class=\"_blank\" target=\"_blank\" >Fantastics<\/a><\/h2>\n<div class=\"pt-cv-content\">Fantastics es una organizaci\u00f3n reconocida Nueva Expresi\u00f3n de la participaci\u00f3n ciudadana por su sentido transformador buscando a trav\u00e9s del porrismo ...<br \/><div class=\"pt-cv-rmwrap\"><a href=\"https:\/\/siciudadania.co\/2023\/05\/09\/fantastics\/\" class=\"_blank pt-cv-readmore btn btn-success\" target=\"_blank\">Ver m\u00e1s<\/a><\/div><\/div><\/div><\/div>\n<div class=\"col-md-6 col-sm-6 col-xs-12 pt-cv-content-item pt-cv-1-col\" ><div class='pt-cv-ifield'><a href=\"https:\/\/siciudadania.co\/2023\/05\/08\/biodanza-y-club-del-silencio\/\" class=\"_blank pt-cv-href-thumbnail pt-cv-thumb-default\" target=\"_blank\" ><img loading=\"lazy\" decoding=\"async\" width=\"640\" height=\"360\" src=\"https:\/\/siciudadania.co\/wp-content\/uploads\/2023\/05\/biodanza-1024x576.png\" class=\"pt-cv-thumbnail\" alt=\"\" srcset=\"https:\/\/siciudadania.co\/wp-content\/uploads\/2023\/05\/biodanza-1024x576.png 1024w, https:\/\/siciudadania.co\/wp-content\/uploads\/2023\/05\/biodanza-300x169.png 300w, https:\/\/siciudadania.co\/wp-content\/uploads\/2023\/05\/biodanza-768x432.png 768w, https:\/\/siciudadania.co\/wp-content\/uploads\/2023\/05\/biodanza-1536x864.png 1536w, https:\/\/siciudadania.co\/wp-content\/uploads\/2023\/05\/biodanza.png 1920w\" sizes=\"(max-width: 640px) 100vw, 640px\" \/><\/a>\n<h2 class=\"pt-cv-title\"><a href=\"https:\/\/siciudadania.co\/2023\/05\/08\/biodanza-y-club-del-silencio\/\" class=\"_blank\" target=\"_blank\" >Biodanza y Club del Silencio<\/a><\/h2>\n<div class=\"pt-cv-content\">Biodanza y El Club del Silencio son dos organizaciones aliadas que centran sus acciones en la experimentar la efectividad de ...<br \/><div class=\"pt-cv-rmwrap\"><a href=\"https:\/\/siciudadania.co\/2023\/05\/08\/biodanza-y-club-del-silencio\/\" class=\"_blank pt-cv-readmore btn btn-success\" target=\"_blank\">Ver m\u00e1s<\/a><\/div><\/div><\/div><\/div>\n<div class=\"col-md-6 col-sm-6 col-xs-12 pt-cv-content-item pt-cv-1-col\" ><div class='pt-cv-ifield'><a href=\"https:\/\/siciudadania.co\/2023\/05\/06\/escuela-de-formacion-midas\/\" class=\"_blank pt-cv-href-thumbnail pt-cv-thumb-default\" target=\"_blank\" ><img loading=\"lazy\" decoding=\"async\" width=\"640\" height=\"360\" src=\"https:\/\/siciudadania.co\/wp-content\/uploads\/2023\/05\/WhatsApp-Image-2023-05-06-at-9.23.01-AM-1024x576.jpeg\" class=\"pt-cv-thumbnail\" alt=\"\" srcset=\"https:\/\/siciudadania.co\/wp-content\/uploads\/2023\/05\/WhatsApp-Image-2023-05-06-at-9.23.01-AM-1024x576.jpeg 1024w, https:\/\/siciudadania.co\/wp-content\/uploads\/2023\/05\/WhatsApp-Image-2023-05-06-at-9.23.01-AM-300x169.jpeg 300w, https:\/\/siciudadania.co\/wp-content\/uploads\/2023\/05\/WhatsApp-Image-2023-05-06-at-9.23.01-AM-768x432.jpeg 768w, https:\/\/siciudadania.co\/wp-content\/uploads\/2023\/05\/WhatsApp-Image-2023-05-06-at-9.23.01-AM.jpeg 1280w\" sizes=\"(max-width: 640px) 100vw, 640px\" \/><\/a>\n<h2 class=\"pt-cv-title\"><a href=\"https:\/\/siciudadania.co\/2023\/05\/06\/escuela-de-formacion-midas\/\" class=\"_blank\" target=\"_blank\" >Escuela de Formaci\u00f3n Midas<\/a><\/h2>\n<div class=\"pt-cv-content\">Es una organizaci\u00f3n centrada en la formaci\u00f3n de ni\u00f1os, ni\u00f1as y adolescentes en la f\u00e9 cristiana del Catolicismo a trav\u00e9s ...<br \/><div class=\"pt-cv-rmwrap\"><a href=\"https:\/\/siciudadania.co\/2023\/05\/06\/escuela-de-formacion-midas\/\" class=\"_blank pt-cv-readmore btn btn-success\" target=\"_blank\">Ver m\u00e1s<\/a><\/div><\/div><\/div><\/div>\n<div class=\"col-md-6 col-sm-6 col-xs-12 pt-cv-content-item pt-cv-1-col\" ><div class='pt-cv-ifield'><a href=\"https:\/\/siciudadania.co\/2023\/05\/06\/jovenes-con-futuro-construyendo-sociedad\/\" class=\"_blank pt-cv-href-thumbnail pt-cv-thumb-default\" target=\"_blank\" ><img loading=\"lazy\" decoding=\"async\" width=\"640\" height=\"360\" src=\"https:\/\/siciudadania.co\/wp-content\/uploads\/2023\/05\/WhatsApp-Image-2023-05-06-at-9.20.04-AM-1024x576.jpeg\" class=\"pt-cv-thumbnail\" alt=\"\" srcset=\"https:\/\/siciudadania.co\/wp-content\/uploads\/2023\/05\/WhatsApp-Image-2023-05-06-at-9.20.04-AM-1024x576.jpeg 1024w, https:\/\/siciudadania.co\/wp-content\/uploads\/2023\/05\/WhatsApp-Image-2023-05-06-at-9.20.04-AM-300x169.jpeg 300w, https:\/\/siciudadania.co\/wp-content\/uploads\/2023\/05\/WhatsApp-Image-2023-05-06-at-9.20.04-AM-768x432.jpeg 768w, https:\/\/siciudadania.co\/wp-content\/uploads\/2023\/05\/WhatsApp-Image-2023-05-06-at-9.20.04-AM.jpeg 1277w\" sizes=\"(max-width: 640px) 100vw, 640px\" \/><\/a>\n<h2 class=\"pt-cv-title\"><a href=\"https:\/\/siciudadania.co\/2023\/05\/06\/jovenes-con-futuro-construyendo-sociedad\/\" class=\"_blank\" target=\"_blank\" >J\u00f3venes con Futuro Construyendo Sociedad<\/a><\/h2>\n<div class=\"pt-cv-content\">J\u00f3venes con Futuro Construyendo Sociedad es una organizaci\u00f3n orientada al acompa\u00f1amiento de los y las ciudadanias victimas del conflicto en ...<br \/><div class=\"pt-cv-rmwrap\"><a href=\"https:\/\/siciudadania.co\/2023\/05\/06\/jovenes-con-futuro-construyendo-sociedad\/\" class=\"_blank pt-cv-readmore btn btn-success\" target=\"_blank\">Ver m\u00e1s<\/a><\/div><\/div><\/div><\/div>\n<div class=\"col-md-6 col-sm-6 col-xs-12 pt-cv-content-item pt-cv-1-col\" ><div class='pt-cv-ifield'><a href=\"https:\/\/siciudadania.co\/2023\/05\/06\/anelha\/\" class=\"_blank pt-cv-href-thumbnail pt-cv-thumb-default\" target=\"_blank\" ><img loading=\"lazy\" decoding=\"async\" width=\"640\" height=\"360\" src=\"https:\/\/siciudadania.co\/wp-content\/uploads\/2023\/05\/WhatsApp-Image-2023-05-06-at-9.15.20-AM-1024x576.jpeg\" class=\"pt-cv-thumbnail\" alt=\"\" srcset=\"https:\/\/siciudadania.co\/wp-content\/uploads\/2023\/05\/WhatsApp-Image-2023-05-06-at-9.15.20-AM-1024x576.jpeg 1024w, https:\/\/siciudadania.co\/wp-content\/uploads\/2023\/05\/WhatsApp-Image-2023-05-06-at-9.15.20-AM-300x169.jpeg 300w, https:\/\/siciudadania.co\/wp-content\/uploads\/2023\/05\/WhatsApp-Image-2023-05-06-at-9.15.20-AM-768x432.jpeg 768w, https:\/\/siciudadania.co\/wp-content\/uploads\/2023\/05\/WhatsApp-Image-2023-05-06-at-9.15.20-AM.jpeg 1280w\" sizes=\"(max-width: 640px) 100vw, 640px\" \/><\/a>\n<h2 class=\"pt-cv-title\"><a href=\"https:\/\/siciudadania.co\/2023\/05\/06\/anelha\/\" class=\"_blank\" target=\"_blank\" >Anelha<\/a><\/h2>\n<div class=\"pt-cv-content\">Anelha es una Nueva Expresi\u00f3n de la Participaci\u00f3n Ciudadana que se centra en fortalecer a mujeres para el empoderamientro de ...<br \/><div class=\"pt-cv-rmwrap\"><a href=\"https:\/\/siciudadania.co\/2023\/05\/06\/anelha\/\" class=\"_blank pt-cv-readmore btn btn-success\" target=\"_blank\">Ver m\u00e1s<\/a><\/div><\/div><\/div><\/div>\n<div class=\"col-md-6 col-sm-6 col-xs-12 pt-cv-content-item pt-cv-1-col\" ><div class='pt-cv-ifield'><a href=\"https:\/\/siciudadania.co\/2023\/05\/06\/casa-madre-perla\/\" class=\"_blank pt-cv-href-thumbnail pt-cv-thumb-default\" target=\"_blank\" ><img loading=\"lazy\" decoding=\"async\" width=\"640\" height=\"360\" src=\"https:\/\/siciudadania.co\/wp-content\/uploads\/2023\/05\/WhatsApp-Image-2023-05-06-at-9.15.21-AM-1024x576.jpeg\" class=\"pt-cv-thumbnail\" alt=\"\" srcset=\"https:\/\/siciudadania.co\/wp-content\/uploads\/2023\/05\/WhatsApp-Image-2023-05-06-at-9.15.21-AM-1024x576.jpeg 1024w, https:\/\/siciudadania.co\/wp-content\/uploads\/2023\/05\/WhatsApp-Image-2023-05-06-at-9.15.21-AM-300x169.jpeg 300w, https:\/\/siciudadania.co\/wp-content\/uploads\/2023\/05\/WhatsApp-Image-2023-05-06-at-9.15.21-AM-768x432.jpeg 768w, https:\/\/siciudadania.co\/wp-content\/uploads\/2023\/05\/WhatsApp-Image-2023-05-06-at-9.15.21-AM.jpeg 1279w\" sizes=\"(max-width: 640px) 100vw, 640px\" \/><\/a>\n<h2 class=\"pt-cv-title\"><a href=\"https:\/\/siciudadania.co\/2023\/05\/06\/casa-madre-perla\/\" class=\"_blank\" target=\"_blank\" >Casa Madre Perla<\/a><\/h2>\n<div class=\"pt-cv-content\">Casa Madre Perla es una organizaci\u00f3n del Distrito que busca a trav\u00e9s de la experiencia sensocial y cultural se impacta ...<br \/><div class=\"pt-cv-rmwrap\"><a href=\"https:\/\/siciudadania.co\/2023\/05\/06\/casa-madre-perla\/\" class=\"_blank pt-cv-readmore btn btn-success\" target=\"_blank\">Ver m\u00e1s<\/a><\/div><\/div><\/div><\/div>\n<div class=\"col-md-6 col-sm-6 col-xs-12 pt-cv-content-item pt-cv-1-col\" ><div class='pt-cv-ifield'><a href=\"https:\/\/siciudadania.co\/2023\/05\/06\/corporacion-social-y-deportiva-napoles\/\" class=\"_blank pt-cv-href-thumbnail pt-cv-thumb-default\" target=\"_blank\" ><img loading=\"lazy\" decoding=\"async\" width=\"640\" height=\"358\" src=\"https:\/\/siciudadania.co\/wp-content\/uploads\/2023\/05\/WhatsApp-Image-2023-05-06-at-8.52.05-AM-1024x573.jpeg\" class=\"pt-cv-thumbnail\" alt=\"\" srcset=\"https:\/\/siciudadania.co\/wp-content\/uploads\/2023\/05\/WhatsApp-Image-2023-05-06-at-8.52.05-AM-1024x573.jpeg 1024w, https:\/\/siciudadania.co\/wp-content\/uploads\/2023\/05\/WhatsApp-Image-2023-05-06-at-8.52.05-AM-300x168.jpeg 300w, https:\/\/siciudadania.co\/wp-content\/uploads\/2023\/05\/WhatsApp-Image-2023-05-06-at-8.52.05-AM-768x430.jpeg 768w, https:\/\/siciudadania.co\/wp-content\/uploads\/2023\/05\/WhatsApp-Image-2023-05-06-at-8.52.05-AM.jpeg 1280w\" sizes=\"(max-width: 640px) 100vw, 640px\" \/><\/a>\n<h2 class=\"pt-cv-title\"><a href=\"https:\/\/siciudadania.co\/2023\/05\/06\/corporacion-social-y-deportiva-napoles\/\" class=\"_blank\" target=\"_blank\" >Corporaci\u00f3n Social y Deportiva N\u00e1poles<\/a><\/h2>\n<div class=\"pt-cv-content\">Corporaci\u00f3n social y deportiva N\u00e1poles es una NEC que busca el fortalecimiento deportivo de los ni\u00f1os y jovenes en la ...<br \/><div class=\"pt-cv-rmwrap\"><a href=\"https:\/\/siciudadania.co\/2023\/05\/06\/corporacion-social-y-deportiva-napoles\/\" class=\"_blank pt-cv-readmore btn btn-success\" target=\"_blank\">Ver m\u00e1s<\/a><\/div><\/div><\/div><\/div>\n<div class=\"col-md-6 col-sm-6 col-xs-12 pt-cv-content-item pt-cv-1-col\" ><div class='pt-cv-ifield'><a href=\"https:\/\/siciudadania.co\/2023\/05\/04\/amigos-alegres\/\" class=\"_blank pt-cv-href-thumbnail pt-cv-thumb-default\" target=\"_blank\" ><img loading=\"lazy\" decoding=\"async\" width=\"640\" height=\"359\" src=\"https:\/\/siciudadania.co\/wp-content\/uploads\/2023\/05\/WhatsApp-Image-2023-05-06-at-9.19.57-AM-1024x574.jpeg\" class=\"pt-cv-thumbnail\" alt=\"\" srcset=\"https:\/\/siciudadania.co\/wp-content\/uploads\/2023\/05\/WhatsApp-Image-2023-05-06-at-9.19.57-AM-1024x574.jpeg 1024w, https:\/\/siciudadania.co\/wp-content\/uploads\/2023\/05\/WhatsApp-Image-2023-05-06-at-9.19.57-AM-300x168.jpeg 300w, https:\/\/siciudadania.co\/wp-content\/uploads\/2023\/05\/WhatsApp-Image-2023-05-06-at-9.19.57-AM-768x431.jpeg 768w, https:\/\/siciudadania.co\/wp-content\/uploads\/2023\/05\/WhatsApp-Image-2023-05-06-at-9.19.57-AM.jpeg 1278w\" sizes=\"(max-width: 640px) 100vw, 640px\" \/><\/a>\n<h2 class=\"pt-cv-title\"><a href=\"https:\/\/siciudadania.co\/2023\/05\/04\/amigos-alegres\/\" class=\"_blank\" target=\"_blank\" >Comunicando Bel\u00e9n<\/a><\/h2>\n<div class=\"pt-cv-content\">Comunicando Bel\u00e9n es un medio comunitario que busca acercar la informaci\u00f3n relacionada con los procesos sociales y comunitarios del distrito ...<br \/><div class=\"pt-cv-rmwrap\"><a href=\"https:\/\/siciudadania.co\/2023\/05\/04\/amigos-alegres\/\" class=\"_blank pt-cv-readmore btn btn-success\" target=\"_blank\">Ver m\u00e1s<\/a><\/div><\/div><\/div><\/div>\n<div class=\"col-md-6 col-sm-6 col-xs-12 pt-cv-content-item pt-cv-1-col\" ><div class='pt-cv-ifield'><a href=\"https:\/\/siciudadania.co\/2023\/05\/04\/club-deportivo-napoles\/\" class=\"_blank pt-cv-href-thumbnail pt-cv-thumb-default\" target=\"_blank\" ><img loading=\"lazy\" decoding=\"async\" width=\"640\" height=\"360\" src=\"https:\/\/siciudadania.co\/wp-content\/uploads\/2023\/05\/club-1024x576.png\" class=\"pt-cv-thumbnail\" alt=\"\" srcset=\"https:\/\/siciudadania.co\/wp-content\/uploads\/2023\/05\/club-1024x576.png 1024w, https:\/\/siciudadania.co\/wp-content\/uploads\/2023\/05\/club-300x169.png 300w, https:\/\/siciudadania.co\/wp-content\/uploads\/2023\/05\/club-768x432.png 768w, https:\/\/siciudadania.co\/wp-content\/uploads\/2023\/05\/club-1536x864.png 1536w, https:\/\/siciudadania.co\/wp-content\/uploads\/2023\/05\/club.png 1920w\" sizes=\"(max-width: 640px) 100vw, 640px\" \/><\/a>\n<h2 class=\"pt-cv-title\"><a href=\"https:\/\/siciudadania.co\/2023\/05\/04\/club-deportivo-napoles\/\" class=\"_blank\" target=\"_blank\" >Club Deportivo N\u00e1poles<\/a><\/h2>\n<div class=\"pt-cv-content\">El Club deportivo N\u00e1poles es una organizaci\u00f3n dedicada a la formaci\u00f3n y fortalecimiento deportivo de ni\u00f1os y jovenes del Distrito ...<br \/><div class=\"pt-cv-rmwrap\"><a href=\"https:\/\/siciudadania.co\/2023\/05\/04\/club-deportivo-napoles\/\" class=\"_blank pt-cv-readmore btn btn-success\" target=\"_blank\">Ver m\u00e1s<\/a><\/div><\/div><\/div><\/div>\n<div class=\"col-md-6 col-sm-6 col-xs-12 pt-cv-content-item pt-cv-1-col\" ><div class='pt-cv-ifield'><a href=\"https:\/\/siciudadania.co\/2023\/05\/04\/flawless-dance-company\/\" class=\"_blank pt-cv-href-thumbnail pt-cv-thumb-default\" target=\"_blank\" ><img loading=\"lazy\" decoding=\"async\" width=\"640\" height=\"360\" src=\"https:\/\/siciudadania.co\/wp-content\/uploads\/2023\/05\/FLAWLESS-DANCE-COMPANY-1024x576.png\" class=\"pt-cv-thumbnail\" alt=\"FLAWLESS DANCE COMPANY\" srcset=\"https:\/\/siciudadania.co\/wp-content\/uploads\/2023\/05\/FLAWLESS-DANCE-COMPANY-1024x576.png 1024w, https:\/\/siciudadania.co\/wp-content\/uploads\/2023\/05\/FLAWLESS-DANCE-COMPANY-300x169.png 300w, https:\/\/siciudadania.co\/wp-content\/uploads\/2023\/05\/FLAWLESS-DANCE-COMPANY-768x432.png 768w, https:\/\/siciudadania.co\/wp-content\/uploads\/2023\/05\/FLAWLESS-DANCE-COMPANY-1536x864.png 1536w, https:\/\/siciudadania.co\/wp-content\/uploads\/2023\/05\/FLAWLESS-DANCE-COMPANY.png 1920w\" sizes=\"(max-width: 640px) 100vw, 640px\" \/><\/a>\n<h2 class=\"pt-cv-title\"><a href=\"https:\/\/siciudadania.co\/2023\/05\/04\/flawless-dance-company\/\" class=\"_blank\" target=\"_blank\" >Flawless Dance Compa\u00f1y<\/a><\/h2>\n<div class=\"pt-cv-content\">FLAWLESS DANCE COMPANY es una alternativa de danza urbana en la ciudad de Medell\u00edn, que desde de 2020 ha formado ...<br \/><div class=\"pt-cv-rmwrap\"><a href=\"https:\/\/siciudadania.co\/2023\/05\/04\/flawless-dance-company\/\" class=\"_blank pt-cv-readmore btn btn-success\" target=\"_blank\">Ver m\u00e1s<\/a><\/div><\/div><\/div><\/div>\n<div class=\"col-md-6 col-sm-6 col-xs-12 pt-cv-content-item pt-cv-1-col\" ><div class='pt-cv-ifield'><a href=\"https:\/\/siciudadania.co\/2023\/05\/04\/los-colores-de-mi-ser\/\" class=\"_blank pt-cv-href-thumbnail pt-cv-thumb-default\" target=\"_blank\" ><img loading=\"lazy\" decoding=\"async\" width=\"640\" height=\"360\" src=\"https:\/\/siciudadania.co\/wp-content\/uploads\/2023\/05\/LosColoresdemiser-1024x576.png\" class=\"pt-cv-thumbnail\" alt=\"Los colores de mi ser -NEC\" srcset=\"https:\/\/siciudadania.co\/wp-content\/uploads\/2023\/05\/LosColoresdemiser-1024x576.png 1024w, https:\/\/siciudadania.co\/wp-content\/uploads\/2023\/05\/LosColoresdemiser-300x169.png 300w, https:\/\/siciudadania.co\/wp-content\/uploads\/2023\/05\/LosColoresdemiser-768x432.png 768w, https:\/\/siciudadania.co\/wp-content\/uploads\/2023\/05\/LosColoresdemiser-1536x864.png 1536w, https:\/\/siciudadania.co\/wp-content\/uploads\/2023\/05\/LosColoresdemiser.png 1920w\" sizes=\"(max-width: 640px) 100vw, 640px\" \/><\/a>\n<h2 class=\"pt-cv-title\"><a href=\"https:\/\/siciudadania.co\/2023\/05\/04\/los-colores-de-mi-ser\/\" class=\"_blank\" target=\"_blank\" >Los Colores de Mi Ser<\/a><\/h2>\n<div class=\"pt-cv-content\">Somos un colectivo de la comuna 7 con m\u00e1s de un a\u00f1o de trayectoria que brinda talleres de<br \/>formaci\u00f3n a trav\u00e9s ...<br \/><div class=\"pt-cv-rmwrap\"><a href=\"https:\/\/siciudadania.co\/2023\/05\/04\/los-colores-de-mi-ser\/\" class=\"_blank pt-cv-readmore btn btn-success\" target=\"_blank\">Ver m\u00e1s<\/a><\/div><\/div><\/div><\/div>\n<div class=\"col-md-6 col-sm-6 col-xs-12 pt-cv-content-item pt-cv-1-col\" ><div class='pt-cv-ifield'><a href=\"https:\/\/siciudadania.co\/2023\/04\/21\/nec-cabe\/\" class=\"_blank pt-cv-href-thumbnail pt-cv-thumb-default\" target=\"_blank\" ><img loading=\"lazy\" decoding=\"async\" width=\"640\" height=\"360\" src=\"https:\/\/siciudadania.co\/wp-content\/uploads\/2023\/04\/Cabe-1024x576.png\" class=\"pt-cv-thumbnail\" alt=\"CABE\" srcset=\"https:\/\/siciudadania.co\/wp-content\/uploads\/2023\/04\/Cabe-1024x576.png 1024w, https:\/\/siciudadania.co\/wp-content\/uploads\/2023\/04\/Cabe-300x169.png 300w, https:\/\/siciudadania.co\/wp-content\/uploads\/2023\/04\/Cabe-768x432.png 768w, https:\/\/siciudadania.co\/wp-content\/uploads\/2023\/04\/Cabe-1536x864.png 1536w, https:\/\/siciudadania.co\/wp-content\/uploads\/2023\/04\/Cabe.png 1920w\" sizes=\"(max-width: 640px) 100vw, 640px\" \/><\/a>\n<h2 class=\"pt-cv-title\"><a href=\"https:\/\/siciudadania.co\/2023\/04\/21\/nec-cabe\/\" class=\"_blank\" target=\"_blank\" >Club de Amigos y Amigas del Barrio la Esperanza (CABE)<\/a><\/h2>\n<div class=\"pt-cv-content\">El Club de Amigos y Amigas del Barrio la Esperanza (CABE), es una organizaci\u00f3n social y comunitaria sin \u00e1nimo de ...<br \/><div class=\"pt-cv-rmwrap\"><a href=\"https:\/\/siciudadania.co\/2023\/04\/21\/nec-cabe\/\" class=\"_blank pt-cv-readmore btn btn-success\" target=\"_blank\">Ver m\u00e1s<\/a><\/div><\/div><\/div><\/div><\/div><\/div><\/div><\/div>\n\t\t\t\t<\/div>\n\t\t\t\t<\/div>\n\t\t\t\t\t<\/div>\n\t\t<\/div>\n\t\t\t\t\t\t\t<\/div>\n\t\t<\/section>\n\t\t\t\t\t\t\t<\/div>\n\t\t","protected":false},"excerpt":{"rendered":"<p>Las nuevas expresiones ciudadanas (NEC) de la participaci\u00f3n surgen como formas de organizaci\u00f3n o asociatividad distintas a las tradicionales m\u00e1s r\u00edgidas e institucionalizadas; se caracterizan por su informalidad, flexibilidad, a veces por su espontaneidad o existencia transitoria. Tambi\u00e9n, son expresiones de la participaci\u00f3n ciudadana que se organizan en torno a una agenda que constituye una<\/p>\n","protected":false},"author":1,"featured_media":0,"parent":0,"menu_order":1,"comment_status":"closed","ping_status":"closed","template":"","meta":{"_mc_calendar":[],"footnotes":""},"class_list":["post-4231","page","type-page","status-publish","hentry"],"yoast_head":"<!-- This site is optimized with the Yoast SEO plugin v21.5 - https:\/\/yoast.com\/wordpress\/plugins\/seo\/ -->\n<title>Nuevas Expresiones Ciudadanas -<\/title>\n<meta name=\"robots\" content=\"index, follow, max-snippet:-1, max-image-preview:large, max-video-preview:-1\" \/>\n<link rel=\"canonical\" href=\"https:\/\/siciudadania.co\/nuevas-expresiones-ciudadanas\/\" \/>\n<meta property=\"og:locale\" content=\"es_ES\" \/>\n<meta property=\"og:type\" content=\"article\" \/>\n<meta property=\"og:title\" content=\"Nuevas Expresiones Ciudadanas -\" \/>\n<meta property=\"og:description\" content=\"Las nuevas expresiones ciudadanas (NEC) de la participaci\u00f3n surgen como formas de organizaci\u00f3n o asociatividad distintas a las tradicionales m\u00e1s r\u00edgidas e institucionalizadas; se caracterizan por su informalidad, flexibilidad, a veces por su espontaneidad o existencia transitoria. Tambi\u00e9n, son expresiones de la participaci\u00f3n ciudadana que se organizan en torno a una agenda que constituye una\" \/>\n<meta property=\"og:url\" content=\"https:\/\/siciudadania.co\/nuevas-expresiones-ciudadanas\/\" \/>\n<meta property=\"article:modified_time\" content=\"2023-06-05T19:20:33+00:00\" \/>\n<meta name=\"twitter:card\" content=\"summary_large_image\" \/>\n<meta name=\"twitter:label1\" content=\"Tiempo de lectura\" \/>\n\t<meta name=\"twitter:data1\" content=\"1 minuto\" \/>\n<script type=\"application\/ld+json\" class=\"yoast-schema-graph\">{\"@context\":\"https:\/\/schema.org\",\"@graph\":[{\"@type\":\"WebPage\",\"@id\":\"https:\/\/siciudadania.co\/nuevas-expresiones-ciudadanas\/\",\"url\":\"https:\/\/siciudadania.co\/nuevas-expresiones-ciudadanas\/\",\"name\":\"Nuevas Expresiones Ciudadanas -\",\"isPartOf\":{\"@id\":\"https:\/\/siciudadania.co\/#website\"},\"datePublished\":\"2023-05-04T22:22:08+00:00\",\"dateModified\":\"2023-06-05T19:20:33+00:00\",\"breadcrumb\":{\"@id\":\"https:\/\/siciudadania.co\/nuevas-expresiones-ciudadanas\/#breadcrumb\"},\"inLanguage\":\"es\",\"potentialAction\":[{\"@type\":\"ReadAction\",\"target\":[\"https:\/\/siciudadania.co\/nuevas-expresiones-ciudadanas\/\"]}]},{\"@type\":\"BreadcrumbList\",\"@id\":\"https:\/\/siciudadania.co\/nuevas-expresiones-ciudadanas\/#breadcrumb\",\"itemListElement\":[{\"@type\":\"ListItem\",\"position\":1,\"name\":\"Portada\",\"item\":\"https:\/\/siciudadania.co\/\"},{\"@type\":\"ListItem\",\"position\":2,\"name\":\"Nuevas Expresiones Ciudadanas\"}]},{\"@type\":\"WebSite\",\"@id\":\"https:\/\/siciudadania.co\/#website\",\"url\":\"https:\/\/siciudadania.co\/\",\"name\":\"\",\"description\":\"\",\"potentialAction\":[{\"@type\":\"SearchAction\",\"target\":{\"@type\":\"EntryPoint\",\"urlTemplate\":\"https:\/\/siciudadania.co\/?s={search_term_string}\"},\"query-input\":\"required name=search_term_string\"}],\"inLanguage\":\"es\"}]}<\/script>\n<!-- \/ Yoast SEO plugin. -->","yoast_head_json":{"title":"Nuevas Expresiones Ciudadanas -","robots":{"index":"index","follow":"follow","max-snippet":"max-snippet:-1","max-image-preview":"max-image-preview:large","max-video-preview":"max-video-preview:-1"},"canonical":"https:\/\/siciudadania.co\/nuevas-expresiones-ciudadanas\/","og_locale":"es_ES","og_type":"article","og_title":"Nuevas Expresiones Ciudadanas -","og_description":"Las nuevas expresiones ciudadanas (NEC) de la participaci\u00f3n surgen como formas de organizaci\u00f3n o asociatividad distintas a las tradicionales m\u00e1s r\u00edgidas e institucionalizadas; se caracterizan por su informalidad, flexibilidad, a veces por su espontaneidad o existencia transitoria. Tambi\u00e9n, son expresiones de la participaci\u00f3n ciudadana que se organizan en torno a una agenda que constituye una","og_url":"https:\/\/siciudadania.co\/nuevas-expresiones-ciudadanas\/","article_modified_time":"2023-06-05T19:20:33+00:00","twitter_card":"summary_large_image","twitter_misc":{"Tiempo de lectura":"1 minuto"},"schema":{"@context":"https:\/\/schema.org","@graph":[{"@type":"WebPage","@id":"https:\/\/siciudadania.co\/nuevas-expresiones-ciudadanas\/","url":"https:\/\/siciudadania.co\/nuevas-expresiones-ciudadanas\/","name":"Nuevas Expresiones Ciudadanas -","isPartOf":{"@id":"https:\/\/siciudadania.co\/#website"},"datePublished":"2023-05-04T22:22:08+00:00","dateModified":"2023-06-05T19:20:33+00:00","breadcrumb":{"@id":"https:\/\/siciudadania.co\/nuevas-expresiones-ciudadanas\/#breadcrumb"},"inLanguage":"es","potentialAction":[{"@type":"ReadAction","target":["https:\/\/siciudadania.co\/nuevas-expresiones-ciudadanas\/"]}]},{"@type":"BreadcrumbList","@id":"https:\/\/siciudadania.co\/nuevas-expresiones-ciudadanas\/#breadcrumb","itemListElement":[{"@type":"ListItem","position":1,"name":"Portada","item":"https:\/\/siciudadania.co\/"},{"@type":"ListItem","position":2,"name":"Nuevas Expresiones Ciudadanas"}]},{"@type":"WebSite","@id":"https:\/\/siciudadania.co\/#website","url":"https:\/\/siciudadania.co\/","name":"","description":"","potentialAction":[{"@type":"SearchAction","target":{"@type":"EntryPoint","urlTemplate":"https:\/\/siciudadania.co\/?s={search_term_string}"},"query-input":"required name=search_term_string"}],"inLanguage":"es"}]}},"_links":{"self":[{"href":"https:\/\/siciudadania.co\/wp-json\/wp\/v2\/pages\/4231","targetHints":{"allow":["GET"]}}],"collection":[{"href":"https:\/\/siciudadania.co\/wp-json\/wp\/v2\/pages"}],"about":[{"href":"https:\/\/siciudadania.co\/wp-json\/wp\/v2\/types\/page"}],"author":[{"embeddable":true,"href":"https:\/\/siciudadania.co\/wp-json\/wp\/v2\/users\/1"}],"replies":[{"embeddable":true,"href":"https:\/\/siciudadania.co\/wp-json\/wp\/v2\/comments?post=4231"}],"version-history":[{"count":11,"href":"https:\/\/siciudadania.co\/wp-json\/wp\/v2\/pages\/4231\/revisions"}],"predecessor-version":[{"id":4470,"href":"https:\/\/siciudadania.co\/wp-json\/wp\/v2\/pages\/4231\/revisions\/4470"}],"wp:attachment":[{"href":"https:\/\/siciudadania.co\/wp-json\/wp\/v2\/media?parent=4231"}],"curies":[{"name":"wp","href":"https:\/\/api.w.org\/{rel}","templated":true}]}}